{"id":19112,"date":"2021-05-24T21:10:05","date_gmt":"2021-05-24T20:10:05","guid":{"rendered":"https:\/\/perecolom.art\/?page_id=19112"},"modified":"2022-09-19T16:25:10","modified_gmt":"2022-09-19T16:25:10","slug":"tribuna-uffizi","status":"publish","type":"page","link":"https:\/\/perecolom.art\/ca\/tribuna-uffizi\/","title":{"rendered":"Tribuna dels Uffizi 2.0"},"content":{"rendered":"<div class=\"wpb-content-wrapper\"><p>[vc_row][vc_column][vc_column_text]<\/p>\n<p style=\"text-align: center;\"><strong><em data-rich-text-format-boundary=\"true\">Johan Zoffany<\/em><\/strong><em data-rich-text-format-boundary=\"true\"> 1777- <strong>Pere Colom<\/strong> 2018<\/em><br data-rich-text-line-break=\"true\" \/>Obra per a la celebraci\u00f3-homenatge-comiat del meu estudi a Palma despr\u00e9s de 33 anys junts.<\/p>\n<p>&nbsp;<\/p>\n<p>[\/vc_column_text][vc_empty_space][\/vc_column][\/vc_row][vc_row][vc_column][vc_single_image image=&#8221;18646&#8243; img_size=&#8221;1200&#215;400 (Width x Height))&#8221; add_caption=&#8221;yes&#8221; alignment=&#8221;center&#8221; style=&#8221;vc_box_rounded&#8221; onclick=&#8221;custom_link&#8221; css_animation=&#8221;fadeInUp&#8221; link=&#8221;https:\/\/perecolom.art\/wp-content\/uploads\/2021\/05\/Tribuna_of_the_Uffizi-w.jpg&#8221;][\/vc_column][\/vc_row][vc_row][vc_column][vc_empty_space][\/vc_column][\/vc_row][vc_row][vc_column][vc_column_text]<strong data-rich-text-format-boundary=\"true\">Personatges d&#8217;aquesta versi\u00f3:<\/strong><br data-rich-text-line-break=\"true\" \/>Laura Palmer, Jenny Torrente, Bel\u00e9n Ferrer (x2), Angeles Fernandez, Pere Colom (x3), Concha Calvo, Joana Llabr\u00e9s (x2), Bel\u00e9n T\u00e1nago, Tineta, Yannick Vu, Anne Bultrock (x3), Bernat Marqu\u00e9s (x2), Xisca Sell\u00e9s, Eduardo Lopez, Bolo Puigserver, Pepe Oliver, Rafa Colomar, Esteban Merc\u00e9r, Eugenia Planas, Carlos Agustin, Gerhardt Braun, Joan Guaita, Basilio Baltazar, J\u00fcrgen Bucher, Bernat Rabassa, Toni Coll, Renee Micoulaud, Xisca Colomar, M\u00aa Antonia Aldeguer, Pep Munar, Tito Rotger, Pep Gual de Torrella, Ben Jakober, Tomeu Blanch, Pere Serra, Miguel Hernandez-Carrillo, Michael Kewenig, Pep Pinya, Toni Calvo, Gerardo Mellenthin, Juan Carlos I, Amalia Forteza, Ola i Andy. <br data-rich-text-line-break=\"true\" \/><strong> Objects:<\/strong><br data-rich-text-line-break=\"true\" \/>Cohibas, Rulo $, Jack Daniels, Gin Tonic, C\u00e1mara Hasselblad, Ektachrome films, PowerBook. <br data-rich-text-line-break=\"true\" \/><strong>Nota:<\/strong><br \/>\nTotes les pintures i dues escultures s\u00f3n reversionades.[\/vc_column_text][\/vc_column][\/vc_row]<\/p>\n<\/div>","protected":false},"excerpt":{"rendered":"<p>[vc_row][vc_column][vc_column_text] Johan Zoffany 1777- Pere Colom 2018Obra per a la celebraci\u00f3-homenatge-comiat del meu estudi a Palma despr\u00e9s de 33 anys junts. &nbsp; [\/vc_column_text][vc_empty_space][\/vc_column][\/vc_row][vc_row][vc_column][vc_single_image image=&#8221;18646&#8243; img_size=&#8221;1200&#215;400 (Width x Height))&#8221; add_caption=&#8221;yes&#8221; alignment=&#8221;center&#8221; style=&#8221;vc_box_rounded&#8221; onclick=&#8221;custom_link&#8221; css_animation=&#8221;fadeInUp&#8221; link=&#8221;https:\/\/perecolom.art\/wp-content\/uploads\/2021\/05\/Tribuna_of_the_Uffizi-w.jpg&#8221;][\/vc_column][\/vc_row][vc_row][vc_column][vc_empty_space][\/vc_column][\/vc_row][vc_row][vc_column][vc_column_text]Personatges d&#8217;aquesta versi\u00f3:Laura Palmer, Jenny Torrente, Bel\u00e9n [&hellip;]<\/p>\n","protected":false},"author":1,"featured_media":0,"parent":0,"menu_order":0,"comment_status":"closed","ping_status":"closed","template":"","meta":{"footnotes":""},"class_list":["post-19112","page","type-page","status-publish","hentry"],"aioseo_notices":[],"_links":{"self":[{"href":"https:\/\/perecolom.art\/ca\/wp-json\/wp\/v2\/pages\/19112","targetHints":{"allow":["GET"]}}],"collection":[{"href":"https:\/\/perecolom.art\/ca\/wp-json\/wp\/v2\/pages"}],"about":[{"href":"https:\/\/perecolom.art\/ca\/wp-json\/wp\/v2\/types\/page"}],"author":[{"embeddable":true,"href":"https:\/\/perecolom.art\/ca\/wp-json\/wp\/v2\/users\/1"}],"replies":[{"embeddable":true,"href":"https:\/\/perecolom.art\/ca\/wp-json\/wp\/v2\/comments?post=19112"}],"version-history":[{"count":0,"href":"https:\/\/perecolom.art\/ca\/wp-json\/wp\/v2\/pages\/19112\/revisions"}],"wp:attachment":[{"href":"https:\/\/perecolom.art\/ca\/wp-json\/wp\/v2\/media?parent=19112"}],"curies":[{"name":"wp","href":"https:\/\/api.w.org\/{rel}","templated":true}]}}