{"id":20386,"date":"2025-05-14T19:40:17","date_gmt":"2025-05-14T18:40:17","guid":{"rendered":"https:\/\/perecolom.art\/deia-vu-portraits\/"},"modified":"2025-05-14T22:06:53","modified_gmt":"2025-05-14T21:06:53","slug":"deia-vu-portraits","status":"publish","type":"page","link":"https:\/\/perecolom.art\/ca\/deia-vu-portraits\/","title":{"rendered":"Dei\u00e0 Vu Portraits"},"content":{"rendered":"<div class=\"wpb-content-wrapper\"><p>[vc_row content_placement=&#8221;top&#8221; content_text_aligment=&#8221;center&#8221;][vc_column width=&#8221;2\/3&#8243;][vc_column_text css=&#8221;&#8221;]<\/p>\n<h3 style=\"text-align: center;\">DEI\u00c0 VU PORTRAITS<\/h3>\n<p>[\/vc_column_text][vc_column_text css_animation=&#8221;fadeIn&#8221; css=&#8221;&#8221;]<\/p>\n<p style=\"text-align: left;\"><strong>Dei\u00e0 Vu Portraits<\/strong>.<\/p>\n<p style=\"text-align: left;\">Retrats de personatges de Dei\u00e0, on artistes i nadius de tot el m\u00f3n han creat una comunitat \u00fanica, especial i multicultural.<\/p>\n<div style=\"text-align: left;\">\n<p>Amb una est\u00e8tica senzilla per\u00f2 molt cuidada que recorda el retrat barroc, aquesta galeria de personatges es presenta juntament amb un text, escrit pels mateixos personatges, que explica el que Dei\u00e0 representa per a ells.<br \/>\nAquest llibre \u00e9s el resultat de 5 anys de treball, tractant de captar l&#8217;esperit d&#8217;un poble molt especial a trav\u00e9s dels seus personatges. En aquest petit rac\u00f3 de la Tramuntana trobar\u00e0s un conglomerat de gent de diferents pa\u00efsos i cultures que viuen en total harmonia, respecte i afecte amb els aut\u00f2ctons.<\/p>\n<\/div>\n<p>[\/vc_column_text][vc_images_carousel images=&#8221;20241,20215,20238,20270,20273&#8243; img_size=&#8221;750&#215;465 (Width x Height)&#8221; autoplay=&#8221;yes&#8221; wrap=&#8221;yes&#8221; css=&#8221;&#8221;][\/vc_column][vc_column width=&#8221;1\/3&#8243;][vc_text_separator title=&#8221;Compra&#8217;l ara!&#8221; color=&#8221;green&#8221; css=&#8221;&#8221;]<div class=\"edgt-separator-holder clearfix  edgt-separator-center \">\n\t<div class=\"edgt-separator\" ><\/div>\n<\/div>\n<div class=\"woocommerce \"><ul class=\"products columns-4\">\n<li class=\"product type-product post-20222 status-publish first instock product_cat-books has-post-thumbnail shipping-taxable purchasable product-type-simple\">\n\t<div class=\"edgt-pl-inner\"><div class=\"edgt-pl-image\"><img loading=\"lazy\" decoding=\"async\" width=\"300\" height=\"300\" src=\"https:\/\/perecolom.art\/wp-content\/uploads\/2024\/09\/portada-deia-v-300x300.jpg\" class=\"attachment-woocommerce_thumbnail size-woocommerce_thumbnail\" alt=\"DEI\u00c0 VU PORTRAITS\" srcset=\"https:\/\/perecolom.art\/wp-content\/uploads\/2024\/09\/portada-deia-v-300x300.jpg 300w, https:\/\/perecolom.art\/wp-content\/uploads\/2024\/09\/portada-deia-v-150x150.jpg 150w, https:\/\/perecolom.art\/wp-content\/uploads\/2024\/09\/portada-deia-v-100x100.jpg 100w\" sizes=\"auto, (max-width: 300px) 100vw, 300px\" \/><div class=\"edgt-pl-text\"><div class=\"edgt-pl-text-outer\"><div class=\"edgt-pl-text-inner\"><a href=\"\/ca\/wp-json\/wp\/v2\/pages\/20386?add-to-cart=20222\" aria-describedby=\"woocommerce_loop_add_to_cart_link_describedby_20222\" data-quantity=\"1\" class=\"button product_type_simple add_to_cart_button ajax_add_to_cart\" data-product_id=\"20222\" data-product_sku=\"book-deia\" aria-label=\"Afegeix a la cistella: &ldquo;DEI\u00c0 VU PORTRAITS&rdquo;\" rel=\"nofollow\" data-success_message=\"&ldquo;DEI\u00c0 VU PORTRAITS&rdquo; s&#039;ha afegit a la vostra cistella\">Afegeix a la cistella<\/a>\t<span id=\"woocommerce_loop_add_to_cart_link_describedby_20222\" class=\"screen-reader-text\">\n\t\t\t<\/span>\n<\/div><\/div><\/div><\/div><a href=\"https:\/\/perecolom.art\/shop\/books\/deia-vu-portraits\/\" class=\"woocommerce-LoopProduct-link woocommerce-loop-product__link\"><\/a><\/div><div class=\"edgt-pl-text-wrapper\"><h4 class=\"edgt-product-list-title\"><a href=\"https:\/\/perecolom.art\/shop\/books\/deia-vu-portraits\/\">DEI\u00c0 VU PORTRAITS<\/a><\/h4>\n\t<span class=\"price\"><span class=\"woocommerce-Price-amount amount\"><bdi><span class=\"woocommerce-Price-currencySymbol\">&euro;<\/span>65,00<\/bdi><\/span><\/span>\n<\/div><\/li><\/ul>\n<\/div>[vc_separator css=&#8221;&#8221;][vc_column_text css_animation=&#8221;bounceInUp&#8221; css=&#8221;&#8221;]<\/p>\n<p style=\"text-align: left;\">Punts de venda:<br \/>\na Dei\u00e0<br \/>\n<strong>-Cas Peixot<\/strong> (<a tabindex=\"0\" href=\"https:\/\/www.google.com\/maps\/place\/\/data=!4m2!3m1!1s0x1297ef3f68082fe3:0x831090278831d43b?sa=X&amp;ved=1t:8290&amp;ictx=111\" data-url=\"\/maps\/place\/\/data=!4m2!3m1!1s0x1297ef3f68082fe3:0x831090278831d43b?sa=X&amp;ved=2ahUKEwi0yMnrxqONAxUknP0HHZoIA0wQ4kB6BAgUEAA\" data-sb=\"\/url?sa=t&amp;source=web&amp;rct=j&amp;opi=89978449&amp;url=\/maps\/place\/\/data%3D!4m2!3m1!1s0x1297ef3f68082fe3:0x831090278831d43b%3Fsa%3DX%26ved%3D1t:8290%26ictx%3D111&amp;ved=2ahUKEwi0yMnrxqONAxUknP0HHZoIA0wQ4kB6BAhHEAM&amp;usg=AOvVaw3HhtkczxuHPw-QAc0H9NqB\">Porcho, 6<\/a>)<em><br \/>\n<\/em><strong>-Villa Rull\u00e1n <\/strong>(<a tabindex=\"0\" href=\"https:\/\/www.google.com\/maps\/place\/\/data=!4m2!3m1!1s0x1297ef907eae5833:0x303afa37f9196ffe?sa=X&amp;ved=1t:8290&amp;ictx=111\" data-url=\"\/maps\/place\/\/data=!4m2!3m1!1s0x1297ef907eae5833:0x303afa37f9196ffe?sa=X&amp;ved=2ahUKEwi5oL2nx6ONAxVmhv0HHWbRD6wQ4kB6BAgDEAA\" data-sb=\"\/url?sa=t&amp;source=web&amp;rct=j&amp;opi=89978449&amp;url=\/maps\/place\/\/data%3D!4m2!3m1!1s0x1297ef907eae5833:0x303afa37f9196ffe%3Fsa%3DX%26ved%3D1t:8290%26ictx%3D111&amp;ved=2ahUKEwi5oL2nx6ONAxVmhv0HHWbRD6wQ4kB6BAg4EAM&amp;usg=AOvVaw0gZxuxAmw564saN63bdumF\">Arxiduc Lu\u00eds Salvador, 14)<\/a><em><br \/>\n<\/em><strong>-Galer\u00eda Dei\u00e0 <\/strong>(<a href=\"https:\/\/maps.app.goo.gl\/LUZ2P6xiSroY7t72A\">Archiduc Lu\u00eds Salvador, 3<\/a>)<\/p>\n<p style=\"text-align: left;\">a Palma<br \/>\n<strong>-La biblioteca de Babel <\/strong>(<a tabindex=\"0\" href=\"https:\/\/www.google.com\/maps\/place\/\/data=!4m2!3m1!1s0x1297925107b4c77f:0xc73b0376e268a42a?sa=X&amp;ved=1t:8290&amp;ictx=111\" data-url=\"\/maps\/place\/\/data=!4m2!3m1!1s0x1297925107b4c77f:0xc73b0376e268a42a?sa=X&amp;ved=2ahUKEwiBs9SEyKONAxWj8bsIHQzXDQsQ4kB6BAgNEAA\" data-sb=\"\/url?sa=t&amp;source=web&amp;rct=j&amp;opi=89978449&amp;url=\/maps\/place\/\/data%3D!4m2!3m1!1s0x1297925107b4c77f:0xc73b0376e268a42a%3Fsa%3DX%26ved%3D1t:8290%26ictx%3D111&amp;ved=2ahUKEwiBs9SEyKONAxWj8bsIHQzXDQsQ4kB6BAgoEAM&amp;usg=AOvVaw2ABiQ1Se6ymC5GGd68Nv6K\">Arab\u00ed, 3)<\/a><em><br \/>\n&#8211;<\/em><strong>Caixa Forum<\/strong> (<a tabindex=\"0\" href=\"https:\/\/www.google.com\/maps\/place\/\/data=!4m2!3m1!1s0x1297925041f43497:0x74d6d3fa543a9586?sa=X&amp;ved=1t:8290&amp;ictx=111\" data-url=\"\/maps\/place\/\/data=!4m2!3m1!1s0x1297925041f43497:0x74d6d3fa543a9586?sa=X&amp;ved=2ahUKEwjl8pvJyKONAxV4_rsIHZGcJ74Q4kB6BAgJEAA\" data-sb=\"\/url?sa=t&amp;source=web&amp;rct=j&amp;opi=89978449&amp;url=\/maps\/place\/\/data%3D!4m2!3m1!1s0x1297925041f43497:0x74d6d3fa543a9586%3Fsa%3DX%26ved%3D1t:8290%26ictx%3D111&amp;ved=2ahUKEwjl8pvJyKONAxV4_rsIHZGcJ74Q4kB6BAhBEAM&amp;usg=AOvVaw1wvExGnPED6IomiFD3-PyS\">Pla\u00e7a de Weyler, 3)<\/a><em><br \/>\n<\/em><strong>-Agapea<\/strong> (<a tabindex=\"0\" href=\"https:\/\/www.google.com\/maps\/place\/\/data=!4m2!3m1!1s0x129792546decdebf:0x331d9dcb4c3002af?sa=X&amp;ved=1t:8290&amp;ictx=111\" data-url=\"\/maps\/place\/\/data=!4m2!3m1!1s0x129792546decdebf:0x331d9dcb4c3002af?sa=X&amp;ved=2ahUKEwjL6YikyqONAxVlg_0HHfKNAqYQ4kB6BAgDEAA\" data-sb=\"\/url?sa=t&amp;source=web&amp;rct=j&amp;opi=89978449&amp;url=\/maps\/place\/\/data%3D!4m2!3m1!1s0x129792546decdebf:0x331d9dcb4c3002af%3Fsa%3DX%26ved%3D1t:8290%26ictx%3D111&amp;ved=2ahUKEwjL6YikyqONAxVlg_0HHfKNAqYQ4kB6BAgzEAM&amp;usg=AOvVaw3AgD8uzbmoBSnJaw1NFfpe\">Marqu\u00e8s de la Fontsanta, 6<\/a>)<\/p>\n<p style=\"text-align: left;\">a S\u00f3ller<br \/>\n<strong>-Estanc de pla\u00e7a<\/strong> (<a href=\"https:\/\/maps.app.goo.gl\/79MrVLjUBQaJBsTH7\">Pla\u00e7a Constituci\u00f3, 11<\/a>)<br \/>\n<strong>-Impremta Calatayud<\/strong> (<a tabindex=\"0\" href=\"https:\/\/www.google.com\/maps\/place\/\/data=!4m2!3m1!1s0x1297e9bd93372503:0xd2ff9fb2f679a2fc?sa=X&amp;ved=1t:8290&amp;ictx=111\" data-url=\"\/maps\/place\/\/data=!4m2!3m1!1s0x1297e9bd93372503:0xd2ff9fb2f679a2fc?sa=X&amp;ved=2ahUKEwjWjrHfyaONAxVU_7sIHbEJNjwQ4kB6BAgEEAA\" data-sb=\"\/url?sa=t&amp;source=web&amp;rct=j&amp;opi=89978449&amp;url=\/maps\/place\/\/data%3D!4m2!3m1!1s0x1297e9bd93372503:0xd2ff9fb2f679a2fc%3Fsa%3DX%26ved%3D1t:8290%26ictx%3D111&amp;ved=2ahUKEwjWjrHfyaONAxVU_7sIHbEJNjwQ4kB6BAgpEAM&amp;usg=AOvVaw0bFFJZ5QG1WUZMct68Snde\">La luna, 32<\/a>)<\/p>\n<p>[\/vc_column_text][\/vc_column][\/vc_row][vc_row][vc_column][vc_column_text css_animation=&#8221;zoomInLeft&#8221; css=&#8221;&#8221;]Pr\u00f2legs de Toni Rigo, Andrew MacLean i Joana Llabr\u00e9s.<\/p>\n<p>Llenguatges: espanyol i angl\u00e8s<\/p>\n<p>Tapa dura, 268 pagines<br \/>\nPublicaci\u00f3 Octubre 2024<br \/>\nDimensions: 34 x 23 x 3 cm[\/vc_column_text][vc_empty_space][vc_separator color=&#8221;custom&#8221; accent_color=&#8221;#dd3333&#8243;][\/vc_column][\/vc_row][vc_row css_animation=&#8221;fadeInDown&#8221; disable_element=&#8221;yes&#8221;][vc_column width=&#8221;1\/2&#8243;]<div class=\"edgt-tabs  edgt-tabs-simple\">\n\t<ul class=\"edgt-tabs-nav clearfix\">\n\t\t\t\t\t<li>\n\t\t\t\t\t\t\t\t\t<a href=\"#tab-carmen-riera\">Carmen Riera<\/a>\n\t\t\t\t\t\t\t<\/li>\n\t\t\t<\/ul>\n\t<div class=\"edgt-tab-container\" id=\"tab-carmen-riera-745\">[vc_column_text css_animation=&#8221;zoomIn&#8221;]<strong>Amb voluntat art\u00edstica<\/strong><\/p>\n<p>La idea d\u2019aquestes fotografies de Pere Colom sorgeix com un homenatge a la dona. La dona,<span class=\"Apple-converted-space\">\u00a0<\/span>aix\u00f2 \u00e9s la persona de sexe femen\u00ed, en carn i os, nua, representada per moltes dones. Dones de diferent edats, \u00e0mbits, origen i condicions socials que es posen volunt\u00e0riament davant de la c\u00e0mera del fot\u00f2graf, amb llibertat absoluta i absoluta complaen\u00e7a.<span class=\"Apple-converted-space\">\u00a0<\/span><!--more--><\/p>\n<p>No es tracta de fotos robades ni pagades. No es tracta de models professionals d\u2019aquestes que surten a les revistes i coneixen, perqu\u00e8 estan molt acostumades a<span class=\"Apple-converted-space\">\u00a0 <\/span>posar, el millor angle i la postura m\u00e9s afavoridora, sin\u00f3 de dones an\u00f2nimes a les quals la possibilitat de sortir fotografiades a aquest llibre els ha fet<span class=\"Apple-converted-space\">\u00a0 <\/span>il\u00b7lusi\u00f3 i els ha semblat una mena de vict\u00f2ria sobre les seves avant<span class=\"Apple-converted-space\">\u00a0 <\/span>passades que, ben segur, no s`haguessin deixat retratar<span class=\"Apple-converted-space\">\u00a0 <\/span>exhibint la nuesa del seu cos.<span class=\"Apple-converted-space\">\u00a0<\/span><\/p>\n<p><!--more-->Els costums han canviat molt i amb molta<span class=\"Apple-converted-space\">\u00a0 <\/span>celeritat entre nosaltres. Mentre a bona part d\u2019orient les dones<span class=\"Apple-converted-space\">\u00a0 <\/span>segueixen anant tapades de cap a peus, amb vel i fins i tot amb burka, aqu\u00ed, a occident<span class=\"Apple-converted-space\">\u00a0 <\/span>a ning\u00fa li pot semblar escandalosa la nuesa femenina \u2013 o masculina\u2013, cosa que no fa ni mig segle passava.<\/p>\n<p><span class=\"Apple-converted-space\">\u00a0 <\/span>Diuen que una imatge val m\u00e9s que mil paraules. Per\u00f2 jo sovint he afirmat que no sempre \u00e9s aix\u00ed. De vegades les paraules valen m\u00e9s que les imatges perqu\u00e8 ens permeten imaginar segons la nostra voluntat.<span class=\"Apple-converted-space\">\u00a0 <\/span>De vegades les paraules tenen ales que ens porten lluny i les imatges, per contra, no ens permeten volar. Tot i que accepto que, en alguns casos, les imatges s\u00f3n tan potents que ens quedem sense paraules.<span class=\"Apple-converted-space\">\u00a0 <\/span>\u00c9s el que<span class=\"Apple-converted-space\">\u00a0 <\/span>em passa davant<span class=\"Apple-converted-space\">\u00a0 <\/span>les que ens ofereixen les fotografies de Pere Colom.<span class=\"Apple-converted-space\">\u00a0<\/span><\/p>\n<p>Diuen que la c\u00e0mera fotogr\u00e0fica no \u00e9s altra cosa que un ull que mira, per\u00f2 tots sabem que hi ha moltes maneres de<span class=\"Apple-converted-space\">\u00a0 <\/span>mirar.<span class=\"Apple-converted-space\">\u00a0 <\/span>Podem mirar amb amor, amb odi, amb inter\u00e8s o desinter\u00e8s. De manera acurada o desacurada, amb bona o mala intenci\u00f3. Podem mirar sense veure o, per contra, podem veure m\u00e9s enll\u00e0 d\u2019all\u00f2 que mirem.<span class=\"Apple-converted-space\">\u00a0<\/span><\/p>\n<p>Els bons fot\u00f2grafs i en Pere Colom \u00e9s un dels<span class=\"Apple-converted-space\">\u00a0 <\/span>grans, enfoquen el seu objectiu,<span class=\"Apple-converted-space\">\u00a0 <\/span>per mirar i veure, sobre tot per captar qu\u00e8 hi ha m\u00e9s enll\u00e0 del que en aparen\u00e7a retraten, en especial, quan els retrats, com passa a aquest llibre, s\u00f3n de persones, de dones que,<span class=\"Apple-converted-space\">\u00a0 <\/span>de manera volunt\u00e0ria, renuncien a qualsevol embolcall per mostrar la seva nuesa i recordar-mos fins a quin punt<span class=\"Apple-converted-space\">\u00a0 <\/span>la nuesa<span class=\"Apple-converted-space\">\u00a0 <\/span>s\u2019identifica amb la<span class=\"Apple-converted-space\">\u00a0 <\/span>innoc\u00e8ncia per\u00f2 tamb\u00e9 amb la indefensi\u00f3.<span class=\"Apple-converted-space\">\u00a0<\/span><\/p>\n<p>\u00c9s necessita una t\u00e8cnica for\u00e7a acurada i una mirada neta per descobrir el misteri d\u2019aquestes dones i jo crec que Pere Colom ho aconsegueix, transformades pel seu art amb deesses.<\/p>\n<p style=\"text-align: right;\"><strong>Carme Riera<\/strong><br \/>\n<i>\u00a0 \u00a0 \u00a0 Escriptora<br \/>\n<\/i><i>Membre de la Real Academ\u00eda Espa\u00f1ola<\/i><\/p>\n<p>[\/vc_column_text]<\/div><\/div>[\/vc_column][vc_column width=&#8221;1\/2&#8243;]<div class=\"edgt-tabs  edgt-tabs-simple\">\n\t<ul class=\"edgt-tabs-nav clearfix\">\n\t\t\t\t\t<li>\n\t\t\t\t\t\t\t\t\t<a href=\"#tab-carlos-agustin\">Carlos Agust\u00edn<\/a>\n\t\t\t\t\t\t\t<\/li>\n\t\t\t<\/ul>\n\t<div class=\"edgt-tab-container\" id=\"tab-carlos-agustin-871\">[vc_column_text css_animation=&#8221;zoomIn&#8221; el_id=&#8221;txt-carlos&#8221;]Mallorca: Diosas de cuerpo y alma, es la continuaci\u00f3n natural del trabajo de un fot\u00f3grafo cuya visi\u00f3n universal del mundo y de la cultura y del arte, se ha enfocado con precisi\u00f3n local en ese territorio suyo propio, en su isla. Pere Colom es un artista que ya en su primera portada en la revista PHOTO en 1986 mostr\u00f3 su inter\u00e9s y su maestr\u00eda al tratar el desnudo femenino.<!--more--><\/p>\n<p>En el a\u00f1o 1990 Pere Colom fue seleccionado para exponer durante seis meses en el Pabell\u00f3n Kodak en Epcot, Estados Unidos para celebrar el 150 aniversario del nacimiento de la fotograf\u00eda. Su obra titulada \u201cEscultura de madera en la roca\u201d<span class=\"Apple-converted-space\">\u00a0 <\/span>nos muestra el mar sereno, el horizonte acogedor, h\u00fameda la piedra, desnuda la madera, luminosa el agua, la luz primigenia del Mediterr\u00e1neo, de su isla.<\/p>\n<p>Unos pocos a\u00f1os despu\u00e9s, en 1996 Colom publica el libro \u201cEl silenci del temps\u201d, un conjunto de fotograf\u00edas donde se adentra en la Mallorca buc\u00f3lica y ancestral, en el que aparecen sendas fotos de mujeres: una est\u00e1 desnuda sentada sobre una roca con el agua hasta las rodillas y sin cabeza, como una estatua cl\u00e1sica y la otra vestida con un traje de ba\u00f1o rojo vista desde lo alto zambull\u00e9ndose en el mar.<\/p>\n<p>Luego, a comienzos del siglo XXI, ya desde el aire, subido en un helic\u00f3ptero, Pere Colom sobrevol\u00f3 la isla y se edit\u00f3 \u201cI Love Mallorca because&#8230;\u201d, publicaci\u00f3n en la que salvo en dos de las im\u00e1genes en las que aparecen un reba\u00f1o de ovejas en una y un barco pesquero en otra, el sujeto de todas las dem\u00e1s es el paisaje, la tierra, Mallorca es el ser vivo, ella misma, sus costas, sus monta\u00f1as, sus valles, bosques y acantilados.<\/p>\n<p>Ahora, en el a\u00f1o 2021, Pere Colom presenta en estos retratos la belleza de unas mujeres que a la vez son territorio y encarnan una Mallorca vital, valiente, capaz de afrontar con \u00e1nimo fino los hechos evidentes de su \u00e9poca.<\/p>\n<p style=\"text-align: right;\">Carlos Agust\u00edn<br \/>\n<i>\u00a0 \u00a0 \u00a0 \u00a0Periodista i fof\u00f3grafo<\/i><\/p>\n<p>[\/vc_column_text]<\/div><\/div>[vc_tta_accordion style=&#8221;modern&#8221; color=&#8221;turquoise&#8221; active_section=&#8221;74&#8243; css_animation=&#8221;bounceInDown&#8221; no_fill=&#8221;true&#8221; collapsible_all=&#8221;true&#8221;][vc_tta_section title=&#8221;Roser Amills&#8221; tab_id=&#8221;1626107285207-e8e3d2ce-6bb2&#8243;][vc_column_text]<i> \u201cQuan la teva conducta coincideix amb les teves intencions,<span class=\"Apple-converted-space\"><br \/>\n<\/span><\/i><i>quan les teves accions estan d\u2019acord als teus pensaments,<br \/>\n<\/i><i>quan la teva ment, el teu cor, i el teu cos actuen junts,<br \/>\n<\/i><i>quan les teves paraules s\u00f3n coherents amb les teves accions,<br \/>\n<\/i><i>all\u00e0 hi ha un poder immens.\u201d<\/i><\/p>\n<p><i> Joe Dispenza<span class=\"Apple-converted-space\">\u00a0<\/span><\/i><\/p>\n<p>El dia que en Pere Colom em va parlar per primera vegada d\u2019aquest projecte, vaig detectar en la brillantor dels seus ulls que xerrava molt seriosament, cosa que no abunda avui dia en la producci\u00f3 cultural i que s\u2019agraeix especialment en aquesta nova era que hem inaugurat, la humanitat sencera, a causa dels canvis profunds que est\u00e0 ocasionant la pand\u00e8mia mundial.<span class=\"Apple-converted-space\">\u00a0<\/span><\/p>\n<p>Va ser una cita d\u2019all\u00f2 m\u00e9s inspiradora, entre caf\u00e8s i refer\u00e8ncies mitol\u00f2giques em va explicar que estava triant dones poderoses, deesses, totes mallorquines de naixement o per adopci\u00f3 intel\u00b7lectual i professional, i immediatament vaig pensar en un fet massa oblidat de les deesses de qualsevol cultura, enclavament geogr\u00e0fic o \u00e8poca. Eg\u00edpcies, maies, celtes, gregues, babil\u00f2niques o ses dones d\u2019aigo mallorquines.<\/p>\n<p>Ho he reflexionat i escrit durant anys i encaixa perfectament amb l\u2019objectiu d\u2019aquest llibre: les de\u00eftats femenines s\u00f3n m\u00e9s poderoses com m\u00e9s autenticitat hi ha en elles, i aix\u00f2 incorpora virtuts i suposats defectes.<span class=\"Apple-converted-space\">\u00a0<\/span><\/p>\n<p>Deesses que es permeten ser juganeres o gamberres, que s\u2019alegren o s\u2019enfaden, exigents o disperses, que saben sortir-se amb la seva, que no se sotmeten a res ni a ning\u00fa. Aix\u00ed som les dones quan ens deixem de tonteries i ens fem veure en tot el nostre esplendor real i genu\u00ed, sense por ni donar explicacions.<span class=\"Apple-converted-space\">\u00a0<\/span><\/p>\n<p>Aix\u00ed, completes, cadascuna de nosaltres \u00e9s una deessa i com a tals tenim for\u00e7a per cuidar-nos, estimar-nos unes a les altres, potenciar-nos un nivell molt m\u00e9s profund que la simple exig\u00e8ncia d\u2019inclusi\u00f3 d\u2019aquest m\u00f3n caduc en el qual ja no ens sentim c\u00f2modes i cal dir-ho, aquest m\u00f3n tan mal configurat (i defectuosament estructurat) del patriarcat. Quina antigor, el patriarcat, podent tenir deesses!<\/p>\n<p>I quin millor mitj\u00e0 per explicar-li una mica m\u00e9s tot aix\u00f2 al m\u00f3n que aquest llibre. Aqu\u00ed hi ha un cam\u00ed que ens conv\u00e9, quina sort que en Pere el transiti tamb\u00e9, \u00e9s un molt bon viatger que sap dir-ho i diu \u201cdona: la teva pell, el teu cabell, les teves mans, els teus llavis, la teva mirada, el que fas i penses i dius, \u00e9s de deessa\u201d.<span class=\"Apple-converted-space\">\u00a0<\/span><\/p>\n<p>Una altra cosa \u00e9s que els altres encara no s\u00e0piguen veure-ho, per\u00f2 mostra\u2019t orgullosa i ho veuran, sense por a la violaci\u00f3 o les cr\u00edtiques per haver-te despullat, sense por a no estar en els c\u00e0nons f\u00edsics aquells que ja no funcionen si ets deessa, sense por al qu\u00e8 diran&#8230;<span class=\"Apple-converted-space\">\u00a0<\/span><\/p>\n<p>Unint-te al temps i no lluitant contra ell. Unint-te a altres dones per celebrar-te.<\/p>\n<p>Tamb\u00e9 Coco Chanel deia que \u201cla bellesa comen\u00e7a amb la decisi\u00f3 de ser un mateix\u201d. Hi estic molt d\u2019acord, nom\u00e9s que jo afegeixo que el m\u00e9s dif\u00edcil \u00e9s aquesta part d\u2019esbrinar qui ets, i tamb\u00e9 la m\u00e9s important, i cal que hi hagi tradici\u00f3, referents. Exemples a seguir. \u00c9s un honor per a totes les dones que hem participat en aquest projecte obrir una miqueta m\u00e9s el cam\u00ed.<\/p>\n<p>Amb aquest llibre, entre totes, li expliquem al m\u00f3n el que \u00e9s ser mallorquina, el que \u00e9s ser cadascuna de nosaltres, i ho expliquem nosaltres, amb la veu potent\u00edssima de tot el que som. Ni m\u00e9s ni menys. Les mallorquines som poderoses deesses fora de l\u2019est\u00e0ndard de les postals tradicionals, ja no som pageses tapades amb es rebosillo i res m\u00e9s, som madones dels nostres cossos, som generoses mostrant-nos en cos i \u00e0nima, som les s\u00e0vies hereves de totes les mallorquines que hi va haver i els lliurem aquest regal a les mallorquines que vindran perqu\u00e8 els resulti un miqueta m\u00e9s f\u00e0cil dir-li al m\u00f3n \u201cs\u00f3c una deessa mallorquina, coneix-me respeta\u2019m tal com s\u00f3c i beneir\u00e9 la teva visita a la meva terra\u201d.<span class=\"Apple-converted-space\">\u00a0<\/span><\/p>\n<p>I en un altre pla, per acabar, fa falta destacar que a m\u00e9s hi ha un ordre molt subtil en aquest llibre que en Pere ha treballat fins al m\u00ednim detall, i que es nota sense notar-se. Els grecs miraven el cel i consideraven que l\u2019univers era bell perqu\u00e8 estava ordenat. I en varen dir cosmos, que en grec significa alhora ordre i bellesa.<span class=\"Apple-converted-space\">\u00a0<\/span><\/p>\n<p>En Pere Colom, d\u2019una manera natural i respectuosa, ha ordenat i retratat i tornat a ordenar aquest cosmos femen\u00ed mallorqu\u00ed i el resultat \u00e9s tan inspirador com electritzant, genera impacte social, impacte emocional i impacte professional perqu\u00e8 cadascuna de nosaltres des de les nostres \u00e0rees, des de la nostra visi\u00f3 del que \u00e9s ser dona, des de les nostres professions i inquietuds, hem xerrat amb ell, cadascuna ens hem expressat tal com som sense complexos, hem opinat i escrit, hem imposat les nostres regles i hem col\u00b7laborat a favor de les seves en un ordre que s\u00ed ens inclou i ens fa sentir segures. Mira\u2019ns.<\/p>\n<p>Ens veiem perqu\u00e8 ens vegis, per conversar amb qui ens mira, per brillar m\u00e9s que les estrelles del firmament, que \u00e9s el que les deesses fem amb molt de gust quan volem i a m\u00e9s ens ho posen tot a favor.<\/p>\n<p>Lectora, lector, benvinguts a aquest viatge. Cada p\u00e0gina t\u2019ajudar\u00e0 a mirar-nos i mirar-te profundament, a q\u00fcestionar i reconfigurar el teu concepte de territori, bellesa i identitat. Formem un tot, som el que pensem i el que penses tu. Accepta aquest regal i despr\u00e9s comparteix-l\u2019ho, regala-li al m\u00f3n aquesta forma de mirar Mallorca ampliada i rica i podr\u00e0s dir que de veritat has conegut l\u2019illa. Mallorca \u00e9s totes les deesses que l\u2019habiten. Mallorca \u00e9s una gran dona.<span class=\"Apple-converted-space\">\u00a0<\/span><\/p>\n<p style=\"text-align: right;\"><strong>Roser Amills<br \/>\n<\/strong><i>Escriptora<\/i><\/p>\n<p>[\/vc_column_text][\/vc_tta_section][vc_tta_section title=&#8221;B\u00e1rbara Marqu\u00e9s&#8221; tab_id=&#8221;1622117122564-f91ba210-2ead&#8221;][vc_column_text el_id=&#8221;txt-barbie&#8221;]<strong>DEESSES MALLORQUINES<\/strong><\/p>\n<p>Aquesta obra \u00e9s el resultat de l\u2019explosi\u00f3 de dues creacions art\u00edstiques, la del fot\u00f2graf, que a trav\u00e9s de la seva mirada fa apologia de la reivindicaci\u00f3 femenina contempor\u00e0nia, i la de les models, que per mitj\u00e0 de l\u2019exhibici\u00f3 de la seva figura projecten la seguretat de la dona mallorquina moderna, la imatge de la qual \u00e9s el resultat d\u2019una comunitat hist\u00f2ricament plural i diversa, bressol del mestissatge i la interculturalitat.<\/p>\n<p>El present projecte \u00e9s un manifest de l\u2019alliberament que experimenten les dones davant l\u2019objectiu fotogr\u00e0fic, un proc\u00e9s d\u2019apoderament femen\u00ed quan s\u00f3n elles les que decideixen despullar-se enfront de la c\u00e0mera i front el m\u00f3n, mostrant amb naturalitat tota la seva ess\u00e8ncia.<\/p>\n<p>La fotografia aqu\u00ed no constitueix un instrument de perversi\u00f3 de la silueta de les dones, sin\u00f3 que serveix com a pont per a encendre la flama d\u2019una dona poderosa que exposa sense complexes el seu cos, la seva intimitat, la seva carn, i especialment, la fam de la llibertat sexuada i sexual.<\/p>\n<p>En definitiva, ens trobem davant un treball de reproducci\u00f3 visual que representa una forma de transgressi\u00f3 de la moral de la sexualitat, pervertida durant segles, per a convertir-la en una imatge fresca que emana erotisme i sensualitat de forma natural i sincera trencant les barreres socials i culturals carregades de pudor, prejudici i vergonya.<span class=\"Apple-converted-space\">\u00a0<\/span><\/p>\n<p>Es vol presentar, mitjan\u00e7ant el treball de l\u2019artista, l\u2019alliberament femen\u00ed de la Mallorca del segle XXI com una resist\u00e8ncia i contraposici\u00f3 al conservadorisme encara imperant en la societat, on els tatuatges es transformen avui en una marca d\u2019identitat i la seva pell nua reflecteix el mestissatge existent en la cultura mallorquina moderna.<\/p>\n<p style=\"text-align: right;\"><strong>B\u00e0rbara Marqu\u00e8s<\/strong><br \/>\n<em>Polit\u00f2loga. M\u00e0ster en Cooperaci\u00f3 Internacional<\/em><\/p>\n<p>[\/vc_column_text][\/vc_tta_section][vc_tta_section title=&#8221;Joana LLabr\u00e9s&#8221; tab_id=&#8221;1622118222668-879bfffc-ec94&#8243;][vc_column_text]Per la meva proximitat amb en Pere he seguit el projecte de les deesses des del principi. Tot d\u2019una em va par\u00e8ixer molt form\u00f3s i profund, per\u00f2 ha estat quan he vist la primera prova impresa que he compr\u00e8s del tot la magnitud del seu pensament. Amb la seva mirada el concepte de deessa se m\u2019ha ampliat i ha passat d\u2019esser una idea que em connectava amb les deesses terrenals o mitol\u00f2giques a connectar-me amb un sentiment molt m\u00e9s espiritual.<\/p>\n<p>Gr\u00e0cies a aquestes dones que, amb generositat i innoc\u00e8ncia, s\u2019han posat davant la c\u00e0mera i la mirada d\u2019en Pere i, a trav\u00e9s dels texts que han escrit, ens han oferit unes paraules que defineixen, en part, la seva \u00e0nima, puc connectar amb una dimensi\u00f3 molt m\u00e9s profunda. Tots som deesses o deus perqu\u00e8 tots duim a dintre aquest estat que transcendeix la mat\u00e8ria i el pensament i ens connecta amb la unitat universal. Amb la sensibilitat d\u2019en Pere i la transpar\u00e8ncia de les dones se m\u2019ha despertat una emoci\u00f3 que est\u00e0 molt m\u00e9s enll\u00e0 de la pell, de la mat\u00e8ria i dels pensaments. M\u2019he sentit unida, lligada, agermanada amb aquestes dones. Crec que la mirada tan alliberadora d\u2019en Pere, que no les donava ordres de com posar sin\u00f3 que les insuflava confian\u00e7a i sentit de llibertat i naturalitat, ha aconseguit que elles ens mostrin aquesta energia divina, bell\u00edssima, encantadora i lliure; i aix\u00f2 \u00e9s el que em captiva d\u2019aquest llibre.<\/p>\n<p>El fet que les dones s\u2019hagin anat llevant capes de roba fins a arribar a la pell em fa veure que la pell no \u00e9s, sin\u00f3, un altre vestit que pareix individualitzar-nos, per\u00f2 que realment no significa res. El que ens converteix en deesses i deus \u00e9s el que no es veu, per\u00f2 s\u2019intueix i se sent i, en Pere, ajuntant en el seu projecte el seu ull d\u2019artista, la seva sensibilitat i eleg\u00e0ncia, la seva frescor i naturalitat amb les paraules de les dones ens apropa a aquest no ser i ens fa sentir la divinitat que tots duim a dedins i que nom\u00e9s surt quan ens llevam capes i capes. Totes som deesses, el dif\u00edcil \u00e9s canviar la mirada per poder adonar-nos d\u2019aix\u00f2.<\/p>\n<p>Els diferents estats de l\u2019\u00e0nima es reflecteixen amb tranquil\u00b7litat i bellesa, hi veig innoc\u00e8ncia, alegria, serenitat, misteri, recel, profunditat, saviesa, diversi\u00f3, poder, tendresa, seguretat, provocaci\u00f3, picardia, estima&#8230; Hi ha mirades que foraden, altres mirades trenqui-les i serenes, unes q\u00fcestionen, d\u2019altres donen esperan\u00e7a, beatitud&#8230; Tot hi cap, i ha sortit sense provocar-ho, sense cercar-ho, perqu\u00e8 la llibertat \u00e9s la base de la visi\u00f3 del m\u00f3n d\u2019en Pere i la seva c\u00e0mera no \u00e9s sin\u00f3 un reflex d\u2019ell mateix i aix\u00ed ens ho transmet&#8230;<\/p>\n<p style=\"text-align: right;\"><strong>Joana Llabr\u00e9s<\/strong><\/p>\n<p>[\/vc_column_text][\/vc_tta_section][vc_tta_section title=&#8221;Pilar Ribal&#8221; tab_id=&#8221;1626107337492-54e27d54-b9e5&#8243;][vc_column_text]DEESES QUE SON ICONES DE VIDA<\/p>\n<p>Quan relacionem les paraules deessa i art, de seguida pensem en aquelles perfectes escultures greges i romanes d\u2019una bellesa femenina ideal que, recuperada m\u00e9s tard pel Renaixement amb les famoses Venus i altres personatges mitol\u00f2gics, ha traspassat els segles per arribar a les experimentacions cubistes, les distorsions expressionistes i altres formes de revolta envers el classicisme de la bellesa. Els museus europeus contenen nombrosos exemples de dones convertides en icones venerades per milions de persones. Les Venus de Tiziano s\u00f3n el perfecte exemple del desig mascul\u00ed encarnat per aquell \u201cpintor de dones\u201d, com el va batejar el Marqu\u00e8s de Sade. Altres, com el gran Leonardo, preferiren endinsar-se en l\u2019\u00e0nima humana. Per aix\u00f2 ens deix\u00e0 la seva Dona Lisa, o Gioconda, un emotiu retrat psicol\u00f2gic que encara fa tremolar el temps.<\/p>\n<p>Les deesses de cos i \u00e0nima captades per la c\u00e0mera i l\u2019ull de Pere Colom s\u00f3n tamb\u00e9 dones corrents, models volunt\u00e0ries del brillant l\u2019exercici de respecte i estima per la dona que ha fet l\u2019artista. Per\u00f2 elles no s\u00f3n ni perfectes ni an\u00f2nimes i tampoc han sofert cap transformaci\u00f3 simb\u00f2lica, ni encarnen cap personatge literari o b\u00edblic. La seva bellesa t\u00e9 m\u00e9s a veure amb la veritat que amb la perfecci\u00f3. I aix\u00f2 \u00e9s precisament el que les fa tan cre\u00efbles, tan dignes, tan perfectes a la seva manera.<\/p>\n<p>Les dones-deesses que ha anat identificant entre les multituds de persones amb qui es creuava dia a dia pels carrers, els bars, les tendes o les terrasses en Pere Colom s\u00f3n dones amb hist\u00f2ria. Dones que llueixen amb orgull les consignes deixades als seus cossos pels tatuatges i les ferides de la vida. Dones que miren de front no per seduir l\u2019espectador sin\u00f3 per dir \u201cjo s\u00f3c aquesta\u201d. I per aix\u00f2 ens han escrit els seus noms i una frase, un text, un poema&#8230; o potser res.<\/p>\n<p>Les dones que travessen les p\u00e0gines del llibre de Pere Colom s\u00f3n un valu\u00f3s testimoni de la diversitat femenina del primer quart del segle XXI. Dones que no necessiten el perm\u00eds ni la mirada constructora de ning\u00fa per ser elles. Si fossin un retrat barroc -que ho s\u00f3n en gran manera- dir\u00edem que els seus atributs son, sobretot, les seves qualitats. S\u00f3n fortes i valentes, treballadores, lluitadores, conformades o inconformistes, \u00e9ssers humans que no provoquen m\u00e9s que empatia i ganes de prendre un caf\u00e8 amb elles perqu\u00e8 t\u2019acabin d\u2019explicar el que s\u2019endevina en les seves paraules deixades com a vestigi.<\/p>\n<p>Aquests commovedors i convincents retrats de Pere Colom s\u00f3n una fita molt alta dins la traject\u00f2ria de l\u2019artista, un projecte molt personal que el situa entre els grans retratistes contemporanis de la seva generaci\u00f3. Intel\u00b7ligent i cultivat pels anys i la vida, ell sap perfectament com vestir les seves deesses-dones de l\u2019entitat intangible dels seus mateixos somnis. Sap que no els hi calen ornaments, ni sostenir llibres o acaronar una mascota per semblar intel\u00b7ligents o sensibles. Despullades de tot el que \u00e9s superflu i nom\u00e9s vestides amb les ombres i les llums que les envolten, els seus rostres somrients, els seus ulls vius, les seves mans parladores i les captivadores ondulacions dels seus cossos ens parlen amb tota la for\u00e7a silenciosa de l\u2019instant m\u00e0gic i vibrant que ha congelat la seva pres\u00e8ncia poderosa.<\/p>\n<p>Pilar Ribal i Sim\u00f3[\/vc_column_text][\/vc_tta_section][\/vc_tta_accordion][\/vc_column][\/vc_row]<\/p>\n<\/div>","protected":false},"excerpt":{"rendered":"<p>[vc_row content_placement=&#8221;top&#8221; content_text_aligment=&#8221;center&#8221;][vc_column width=&#8221;2\/3&#8243;][vc_column_text css=&#8221;&#8221;] DEI\u00c0 VU PORTRAITS [\/vc_column_text][vc_column_text css_animation=&#8221;fadeIn&#8221; css=&#8221;&#8221;] Dei\u00e0 Vu Portraits. Retrats de personatges de Dei\u00e0, on artistes i nadius de tot el m\u00f3n han creat una comunitat \u00fanica, especial i multicultural. Amb una est\u00e8tica senzilla per\u00f2 [&hellip;]<\/p>\n","protected":false},"author":1,"featured_media":0,"parent":0,"menu_order":0,"comment_status":"closed","ping_status":"closed","template":"","meta":{"footnotes":""},"class_list":["post-20386","page","type-page","status-publish","hentry"],"aioseo_notices":[],"_links":{"self":[{"href":"https:\/\/perecolom.art\/ca\/wp-json\/wp\/v2\/pages\/20386","targetHints":{"allow":["GET"]}}],"collection":[{"href":"https:\/\/perecolom.art\/ca\/wp-json\/wp\/v2\/pages"}],"about":[{"href":"https:\/\/perecolom.art\/ca\/wp-json\/wp\/v2\/types\/page"}],"author":[{"embeddable":true,"href":"https:\/\/perecolom.art\/ca\/wp-json\/wp\/v2\/users\/1"}],"replies":[{"embeddable":true,"href":"https:\/\/perecolom.art\/ca\/wp-json\/wp\/v2\/comments?post=20386"}],"version-history":[{"count":7,"href":"https:\/\/perecolom.art\/ca\/wp-json\/wp\/v2\/pages\/20386\/revisions"}],"predecessor-version":[{"id":20406,"href":"https:\/\/perecolom.art\/ca\/wp-json\/wp\/v2\/pages\/20386\/revisions\/20406"}],"wp:attachment":[{"href":"https:\/\/perecolom.art\/ca\/wp-json\/wp\/v2\/media?parent=20386"}],"curies":[{"name":"wp","href":"https:\/\/api.w.org\/{rel}","templated":true}]}}