{"id":19354,"date":"2021-04-27T10:43:48","date_gmt":"2021-04-27T09:43:48","guid":{"rendered":"https:\/\/perecolom.art\/inicio\/"},"modified":"2025-02-11T12:25:57","modified_gmt":"2025-02-11T11:25:57","slug":"inicio","status":"publish","type":"page","link":"https:\/\/perecolom.art\/es\/","title":{"rendered":"Inicio"},"content":{"rendered":"<div class=\"wpb-content-wrapper\"><p>[vc_row][vc_column][rev_slider_vc alias=&#8221;portrait-slider&#8221; enable_paspartu=&#8221;no&#8221;][\/vc_column][\/vc_row][vc_row row_content_width=&#8221;grid&#8221; content_text_aligment=&#8221;center&#8221; css=&#8221;.vc_custom_1497000634193{padding-top: 110px !important;}&#8221;][vc_column][vc_column_text css_animation=&#8221;fadeIn&#8221;]<\/p>\n<h2>Trabajo personal [reciente]<\/h2>\n<p>[\/vc_column_text]<div class=\"edgt-elements-holder   edgt-one-column  edgt-responsive-mode-768 \" ><div class=\"edgt-eh-item   edgt-horizontal-alignment-center \"  data-item-class=\"edgt-eh-custom-4806\" data-1280-1600=\"0% 15%\" data-1024-1280=\"0% 12%\" data-768-1024=\"0% 14%\" data-680-768=\"0% 5%\" data-680=\"0% 5%\">\n\t<div class=\"edgt-eh-item-inner\">\n\t\t<div class=\"edgt-eh-item-content edgt-eh-custom-4806\" style=\"padding: 0% 19%\">\n\t\t\t<h2 class=\"edgt-custom-font-holder  edgt-cf-6150\" style=\"font-family: Times New Roman;font-size: 22px;line-height: 28px;font-style: italic;letter-spacing: -0.01em;text-transform: none;color: #707070\" data-item-class=\"edgt-cf-6150\">\n\tTrabajo art\u00edstico producido desde 2017<\/h2>\t\t<\/div>\n\t<\/div>\n<\/div><\/div>[\/vc_column][\/vc_row][vc_row row_content_width=&#8221;grid&#8221; content_text_aligment=&#8221;center&#8221; css=&#8221;.vc_custom_1497001158313{padding-top: 75px !important;}&#8221;][vc_column]<div class=\"edgt-portfolio-list-holder edgt-pl-masonry edgt-pl-tiny-space edgt-pl-three-columns edgt-pl-standard-overlay light    edgt-pl-pag-no-pagination      edgt-pl-has-animation edgt-appear-from-bottom\"  data-type=masonry data-space-between-items=tiny data-number-of-items=-1 data-image-proportions=full data-enable-fixed-proportions=no data-enable-image-shadow=no data-selected-projects=19517, 19129, 19513 data-order-by=date data-order=ASC data-item-style=standard-overlay data-item-style-skin=light data-enable-title=yes data-title-tag=h4 data-title-text-transform=uppercase data-enable-category=yes data-enable-like=no data-enable-count-images=no data-enable-excerpt=no data-excerpt-length=20 data-pagination-type=no-pagination data-filter=no data-filter-order-by=name data-enable-article-animation=appear-from-bottom data-enable-article-parallax-animation=no data-portfolio-slider-on=no data-enable-loop=yes data-enable-autoplay=yes data-slider-speed=5000 data-slider-speed-animation=600 data-enable-navigation=yes data-enable-pagination=yes data-max-num-pages=0 data-next-page=2>\n\t\t\n\t<div class=\"edgt-pl-inner clearfix\">\n\t\t<div class=\"edgt-pl-grid-sizer\"><\/div>\n\t\t<div class=\"edgt-pl-grid-gutter\"><\/div>\n\t\t\n<article class=\"edgt-pl-item edgt-pl-masonry-default post-19513 portfolio-item type-portfolio-item status-publish has-post-thumbnail hentry portfolio-category-liberar-el-pezon portfolio-category-obra-personal portfolio-tag-liberara portfolio-tag-pezon\">\n\t<div class=\"edgt-pl-item-inner\" >\n\t\t<div class=\"edgt-pli-image\">\n\t\t\t<img loading=\"lazy\" decoding=\"async\" width=\"600\" height=\"401\" src=\"https:\/\/perecolom.art\/wp-content\/uploads\/2021\/02\/1-love-ines.jpg\" class=\"attachment-full size-full wp-post-image\" alt=\"Tapar los pezones\" srcset=\"https:\/\/perecolom.art\/wp-content\/uploads\/2021\/02\/1-love-ines.jpg 600w, https:\/\/perecolom.art\/wp-content\/uploads\/2021\/02\/1-love-ines-300x201.jpg 300w\" sizes=\"auto, (max-width: 600px) 100vw, 600px\" \/>\t\t<\/div>\n<div class=\"edgt-pli-text-holder\">\n\t<div class=\"edgt-pli-text-wrapper\">\n\t\t<div class=\"edgt-pli-text\">\n\t\t\t\t<h4 itemprop=\"name\" class=\"edgt-pli-title entry-title\" style=\"text-transform: uppercase\">\n\t\tLiberar los pezones\t<\/h4>\n\n\t\t\t\t\t<div class=\"edgt-pli-category-holder\">\n\t\t\t\t\t\t\t<a itemprop=\"url\" class=\"edgt-pli-category\" href=\"https:\/\/perecolom.art\/es\/categoria-portfolio\/liberar-el-pezon\/\">\"Liberar el pez\u00f3n\"<\/a>\n\t\t\t\t\t\t\t<a itemprop=\"url\" class=\"edgt-pli-category\" href=\"https:\/\/perecolom.art\/es\/categoria-portfolio\/obra-personal\/\">\"OBRA PERSONAL\"<\/a>\n\t\t\t\t\t<\/div>\n\t\n\t\t\t\n\t\t\t\t\t<\/div>\n\t<\/div>\n<\/div>\t\t\n\t\t<a itemprop=\"url\" class=\"edgt-pli-link edgt-block-drag-link\" href=\"https:\/\/perecolom.art\/es\/portfolio-item\/liberar-los-pezones\/\" target=\"_self\"><\/a>\n\t<\/div>\n<\/article>\n<article class=\"edgt-pl-item edgt-pl-masonry-default post-19129 portfolio-item type-portfolio-item status-publish has-post-thumbnail hentry portfolio-category-neo-clasicos-2-0 portfolio-category-obra-personal\">\n\t<div class=\"edgt-pl-item-inner\" >\n\t\t<div class=\"edgt-pli-image\">\n\t\t\t<img loading=\"lazy\" decoding=\"async\" width=\"1200\" height=\"754\" src=\"https:\/\/perecolom.art\/wp-content\/uploads\/2021\/02\/Botticelli_La_nascita_di_Venere.jpg\" class=\"attachment-full size-full wp-post-image\" alt=\"Botticelli El Nacimiento de Venus 2.0 por Pere Colom\" srcset=\"https:\/\/perecolom.art\/wp-content\/uploads\/2021\/02\/Botticelli_La_nascita_di_Venere.jpg 1200w, https:\/\/perecolom.art\/wp-content\/uploads\/2021\/02\/Botticelli_La_nascita_di_Venere-300x189.jpg 300w, https:\/\/perecolom.art\/wp-content\/uploads\/2021\/02\/Botticelli_La_nascita_di_Venere-1024x643.jpg 1024w, https:\/\/perecolom.art\/wp-content\/uploads\/2021\/02\/Botticelli_La_nascita_di_Venere-768x483.jpg 768w, https:\/\/perecolom.art\/wp-content\/uploads\/2021\/02\/Botticelli_La_nascita_di_Venere-600x377.jpg 600w\" sizes=\"auto, (max-width: 1200px) 100vw, 1200px\" \/>\t\t<\/div>\n<div class=\"edgt-pli-text-holder\">\n\t<div class=\"edgt-pli-text-wrapper\">\n\t\t<div class=\"edgt-pli-text\">\n\t\t\t\t<h4 itemprop=\"name\" class=\"edgt-pli-title entry-title\" style=\"text-transform: uppercase\">\n\t\tNeo Cl\u00e1sicos 2.0\t<\/h4>\n\n\t\t\t\t\t<div class=\"edgt-pli-category-holder\">\n\t\t\t\t\t\t\t<a itemprop=\"url\" class=\"edgt-pli-category\" href=\"https:\/\/perecolom.art\/es\/categoria-portfolio\/neo-clasicos-2-0\/\">\"Neo Clasicos 2.0\"<\/a>\n\t\t\t\t\t\t\t<a itemprop=\"url\" class=\"edgt-pli-category\" href=\"https:\/\/perecolom.art\/es\/categoria-portfolio\/obra-personal\/\">\"OBRA PERSONAL\"<\/a>\n\t\t\t\t\t<\/div>\n\t\n\t\t\t\n\t\t\t\t\t<\/div>\n\t<\/div>\n<\/div>\t\t\n\t\t<a itemprop=\"url\" class=\"edgt-pli-link edgt-block-drag-link\" href=\"https:\/\/perecolom.art\/es\/portfolio-item\/neo-clasicos-2-0\/\" target=\"_self\"><\/a>\n\t<\/div>\n<\/article>\n<article class=\"edgt-pl-item edgt-pl-masonry-default post-19517 portfolio-item type-portfolio-item status-publish has-post-thumbnail hentry portfolio-category-obra-personal portfolio-category-olivos-es\">\n\t<div class=\"edgt-pl-item-inner\" >\n\t\t<div class=\"edgt-pli-image\">\n\t\t\t<img loading=\"lazy\" decoding=\"async\" width=\"900\" height=\"599\" src=\"https:\/\/perecolom.art\/wp-content\/uploads\/2021\/02\/finca-2-e1642701724762.jpg\" class=\"attachment-full size-full wp-post-image\" alt=\"\" \/>\t\t<\/div>\n<div class=\"edgt-pli-text-holder\">\n\t<div class=\"edgt-pli-text-wrapper\">\n\t\t<div class=\"edgt-pli-text\">\n\t\t\t\t<h4 itemprop=\"name\" class=\"edgt-pli-title entry-title\" style=\"text-transform: uppercase\">\n\t\tOlivos y mitos\t<\/h4>\n\n\t\t\t\t\t<div class=\"edgt-pli-category-holder\">\n\t\t\t\t\t\t\t<a itemprop=\"url\" class=\"edgt-pli-category\" href=\"https:\/\/perecolom.art\/es\/categoria-portfolio\/obra-personal\/\">\"OBRA PERSONAL\"<\/a>\n\t\t\t\t\t\t\t<a itemprop=\"url\" class=\"edgt-pli-category\" href=\"https:\/\/perecolom.art\/es\/categoria-portfolio\/olivos-es\/\">\"Olivos\"<\/a>\n\t\t\t\t\t<\/div>\n\t\n\t\t\t\n\t\t\t\t\t<\/div>\n\t<\/div>\n<\/div>\t\t\n\t\t<a itemprop=\"url\" class=\"edgt-pli-link edgt-block-drag-link\" href=\"https:\/\/perecolom.art\/es\/portfolio-item\/olivos-mitos\/\" target=\"_self\"><\/a>\n\t<\/div>\n<\/article>\t<\/div>\n\t\n\t<\/div>[\/vc_column][\/vc_row][vc_row row_content_width=&#8221;grid&#8221; content_text_aligment=&#8221;center&#8221; css=&#8221;.vc_custom_1497000634193{padding-top: 110px !important;}&#8221;][vc_column][vc_column_text css_animation=&#8221;fadeIn&#8221;]<\/p>\n<h2>Trabajo personal [anterior]<\/h2>\n<p>[\/vc_column_text]<div class=\"edgt-elements-holder   edgt-one-column  edgt-responsive-mode-768 \" ><div class=\"edgt-eh-item   edgt-horizontal-alignment-center \"  data-item-class=\"edgt-eh-custom-1164\" data-1280-1600=\"0% 15%\" data-1024-1280=\"0% 12%\" data-768-1024=\"0% 14%\" data-680-768=\"0% 5%\" data-680=\"0% 5%\">\n\t<div class=\"edgt-eh-item-inner\">\n\t\t<div class=\"edgt-eh-item-content edgt-eh-custom-1164\" style=\"padding: 0% 19%\">\n\t\t\t<h2 class=\"edgt-custom-font-holder  edgt-cf-2810\" style=\"font-family: Times New Roman;font-size: 22px;line-height: 28px;font-style: italic;letter-spacing: -0.01em;text-transform: none;color: #707070\" data-item-class=\"edgt-cf-2810\">\n\tTrabajo art\u00edstico producido desde 1992 hasta 2001<\/h2>[vc_empty_space height=&#8221;20px&#8221;]\t\t<\/div>\n\t<\/div>\n<\/div><\/div><div class=\"edgt-portfolio-list-holder edgt-pl-masonry edgt-pl-tiny-space edgt-pl-three-columns edgt-pl-standard-overlay light edgt-pl-images-fixed   edgt-pl-pag-no-pagination      edgt-pl-has-animation edgt-appear-from-bottom\"  data-type=masonry data-space-between-items=tiny data-number-of-items=-1 data-image-proportions=full data-enable-fixed-proportions=yes data-enable-image-shadow=no data-selected-projects=19515, 19514, 19518 data-order-by=date data-order=ASC data-item-style=standard-overlay data-item-style-skin=light data-enable-title=yes data-title-tag=h4 data-title-text-transform=uppercase data-enable-category=yes data-enable-like=no data-enable-count-images=no data-enable-excerpt=no data-excerpt-length=20 data-pagination-type=no-pagination data-filter=no data-filter-order-by=name data-enable-article-animation=appear-from-bottom data-enable-article-parallax-animation=no data-portfolio-slider-on=no data-enable-loop=yes data-enable-autoplay=yes data-slider-speed=5000 data-slider-speed-animation=600 data-enable-navigation=yes data-enable-pagination=yes data-max-num-pages=0 data-next-page=2>\n\t\t\n\t<div class=\"edgt-pl-inner clearfix\">\n\t\t<div class=\"edgt-pl-grid-sizer\"><\/div>\n\t\t<div class=\"edgt-pl-grid-gutter\"><\/div>\n\t\t\n<article class=\"edgt-pl-item edgt-pl-masonry-default post-19514 portfolio-item type-portfolio-item status-publish has-post-thumbnail hentry portfolio-category-obra-personal portfolio-category-retratos portfolio-tag-retratos\">\n\t<div class=\"edgt-pl-item-inner\" >\n\t\t<div class=\"edgt-pli-image\">\n\t\t\t<img loading=\"lazy\" decoding=\"async\" width=\"550\" height=\"550\" src=\"https:\/\/perecolom.art\/wp-content\/uploads\/2021\/05\/fabien-fryns-550x550.jpg\" class=\"attachment-shade_edge_square size-shade_edge_square wp-post-image\" alt=\"Fabien Fryns\" srcset=\"https:\/\/perecolom.art\/wp-content\/uploads\/2021\/05\/fabien-fryns-550x550.jpg 550w, https:\/\/perecolom.art\/wp-content\/uploads\/2021\/05\/fabien-fryns-150x150.jpg 150w, https:\/\/perecolom.art\/wp-content\/uploads\/2021\/05\/fabien-fryns-300x300.jpg 300w, https:\/\/perecolom.art\/wp-content\/uploads\/2021\/05\/fabien-fryns-100x100.jpg 100w\" sizes=\"auto, (max-width: 550px) 100vw, 550px\" \/>\t\t<\/div>\n<div class=\"edgt-pli-text-holder\">\n\t<div class=\"edgt-pli-text-wrapper\">\n\t\t<div class=\"edgt-pli-text\">\n\t\t\t\t<h4 itemprop=\"name\" class=\"edgt-pli-title entry-title\" style=\"text-transform: uppercase\">\n\t\tRetratos\t<\/h4>\n\n\t\t\t\t\t<div class=\"edgt-pli-category-holder\">\n\t\t\t\t\t\t\t<a itemprop=\"url\" class=\"edgt-pli-category\" href=\"https:\/\/perecolom.art\/es\/categoria-portfolio\/obra-personal\/\">\"OBRA PERSONAL\"<\/a>\n\t\t\t\t\t\t\t<a itemprop=\"url\" class=\"edgt-pli-category\" href=\"https:\/\/perecolom.art\/es\/categoria-portfolio\/retratos\/\">\"Retratos\"<\/a>\n\t\t\t\t\t<\/div>\n\t\n\t\t\t\n\t\t\t\t\t<\/div>\n\t<\/div>\n<\/div>\t\t\n\t\t<a itemprop=\"url\" class=\"edgt-pli-link edgt-block-drag-link\" href=\"https:\/\/perecolom.art\/es\/portfolio-item\/retratos\/\" target=\"_self\"><\/a>\n\t<\/div>\n<\/article>\n<article class=\"edgt-pl-item edgt-pl-masonry-default post-19515 portfolio-item type-portfolio-item status-publish has-post-thumbnail hentry portfolio-category-transferencias-polaroid portfolio-tag-transferencias\">\n\t<div class=\"edgt-pl-item-inner\" >\n\t\t<div class=\"edgt-pli-image\">\n\t\t\t<img loading=\"lazy\" decoding=\"async\" width=\"550\" height=\"550\" src=\"https:\/\/perecolom.art\/wp-content\/uploads\/2021\/06\/las-huellas-del-hombre-550x550.jpg\" class=\"attachment-shade_edge_square size-shade_edge_square wp-post-image\" alt=\"\" srcset=\"https:\/\/perecolom.art\/wp-content\/uploads\/2021\/06\/las-huellas-del-hombre-550x550.jpg 550w, https:\/\/perecolom.art\/wp-content\/uploads\/2021\/06\/las-huellas-del-hombre-150x150.jpg 150w, https:\/\/perecolom.art\/wp-content\/uploads\/2021\/06\/las-huellas-del-hombre-300x300.jpg 300w, https:\/\/perecolom.art\/wp-content\/uploads\/2021\/06\/las-huellas-del-hombre-100x100.jpg 100w\" sizes=\"auto, (max-width: 550px) 100vw, 550px\" \/>\t\t<\/div>\n<div class=\"edgt-pli-text-holder\">\n\t<div class=\"edgt-pli-text-wrapper\">\n\t\t<div class=\"edgt-pli-text\">\n\t\t\t\t<h4 itemprop=\"name\" class=\"edgt-pli-title entry-title\" style=\"text-transform: uppercase\">\n\t\tTransferencias Polaroid\t<\/h4>\n\n\t\t\t\t\t<div class=\"edgt-pli-category-holder\">\n\t\t\t\t\t\t\t<a itemprop=\"url\" class=\"edgt-pli-category\" href=\"https:\/\/perecolom.art\/es\/categoria-portfolio\/transferencias-polaroid\/\">\"Transferencias polaroid\"<\/a>\n\t\t\t\t\t<\/div>\n\t\n\t\t\t\n\t\t\t\t\t<\/div>\n\t<\/div>\n<\/div>\t\t\n\t\t<a itemprop=\"url\" class=\"edgt-pli-link edgt-block-drag-link\" href=\"https:\/\/perecolom.art\/es\/portfolio-item\/transferencias-polaroid\/\" target=\"_self\"><\/a>\n\t<\/div>\n<\/article>\n<article class=\"edgt-pl-item edgt-pl-masonry-default post-19518 portfolio-item type-portfolio-item status-publish has-post-thumbnail hentry portfolio-category-el-silencio-del-tiempo portfolio-category-obra-personal\">\n\t<div class=\"edgt-pl-item-inner\" >\n\t\t<div class=\"edgt-pli-image\">\n\t\t\t<img loading=\"lazy\" decoding=\"async\" width=\"550\" height=\"550\" src=\"https:\/\/perecolom.art\/wp-content\/uploads\/2021\/04\/silenci-del-temps-p06-ll-alcari-99722-550x550.jpg\" class=\"attachment-shade_edge_square size-shade_edge_square wp-post-image\" alt=\"Lluch Alcari, Dei\u00e0, Majorca\" srcset=\"https:\/\/perecolom.art\/wp-content\/uploads\/2021\/04\/silenci-del-temps-p06-ll-alcari-99722-550x550.jpg 550w, https:\/\/perecolom.art\/wp-content\/uploads\/2021\/04\/silenci-del-temps-p06-ll-alcari-99722-150x150.jpg 150w, https:\/\/perecolom.art\/wp-content\/uploads\/2021\/04\/silenci-del-temps-p06-ll-alcari-99722-300x300.jpg 300w, https:\/\/perecolom.art\/wp-content\/uploads\/2021\/04\/silenci-del-temps-p06-ll-alcari-99722-100x100.jpg 100w\" sizes=\"auto, (max-width: 550px) 100vw, 550px\" \/>\t\t<\/div>\n<div class=\"edgt-pli-text-holder\">\n\t<div class=\"edgt-pli-text-wrapper\">\n\t\t<div class=\"edgt-pli-text\">\n\t\t\t\t<h4 itemprop=\"name\" class=\"edgt-pli-title entry-title\" style=\"text-transform: uppercase\">\n\t\tEl silencio del tiempo\t<\/h4>\n\n\t\t\t\t\t<div class=\"edgt-pli-category-holder\">\n\t\t\t\t\t\t\t<a itemprop=\"url\" class=\"edgt-pli-category\" href=\"https:\/\/perecolom.art\/es\/categoria-portfolio\/el-silencio-del-tiempo\/\">\"El silencio del tiempo\"<\/a>\n\t\t\t\t\t\t\t<a itemprop=\"url\" class=\"edgt-pli-category\" href=\"https:\/\/perecolom.art\/es\/categoria-portfolio\/obra-personal\/\">\"OBRA PERSONAL\"<\/a>\n\t\t\t\t\t<\/div>\n\t\n\t\t\t\n\t\t\t\t\t<\/div>\n\t<\/div>\n<\/div>\t\t\n\t\t<a itemprop=\"url\" class=\"edgt-pli-link edgt-block-drag-link\" href=\"https:\/\/perecolom.art\/es\/portfolio-item\/el-silencio-del-tiempo\/\" target=\"_self\"><\/a>\n\t<\/div>\n<\/article>\t<\/div>\n\t\n\t<\/div>[\/vc_column][\/vc_row][vc_row row_content_width=&#8221;grid&#8221; content_text_aligment=&#8221;center&#8221; css=&#8221;.vc_custom_1497000634193{padding-top: 110px !important;}&#8221;][vc_column][vc_column_text]<\/p>\n<h2>ENCARGOS COMERCIALES<\/h2>\n<p>[\/vc_column_text]<div class=\"edgt-elements-holder   edgt-one-column  edgt-responsive-mode-768 \" ><div class=\"edgt-eh-item   edgt-horizontal-alignment-center \"  data-item-class=\"edgt-eh-custom-5873\" data-1280-1600=\"0% 15%\" data-1024-1280=\"0% 12%\" data-768-1024=\"0% 14%\" data-680-768=\"0% 5%\" data-680=\"0% 5%\">\n\t<div class=\"edgt-eh-item-inner\">\n\t\t<div class=\"edgt-eh-item-content edgt-eh-custom-5873\" style=\"padding: 0% 19%\">\n\t\t\t<h2 class=\"edgt-custom-font-holder  edgt-cf-2062\" style=\"font-family: Times New Roman;font-size: 22px;line-height: 28px;font-style: italic;letter-spacing: -0.01em;text-transform: none;color: #707070\" data-item-class=\"edgt-cf-2062\">\n\tPublicidad, Moda, Editorial, Dise\u00f1o web, Dise\u00f1o gr\u00e1fico, Hoteles, Casas vacacionales, Video<\/h2>[vc_empty_space]\t\t<\/div>\n\t<\/div>\n<\/div><\/div><div class=\"edgt-portfolio-list-holder edgt-pl-masonry edgt-pl-tiny-space edgt-pl-four-columns edgt-pl-standard-overlay light edgt-pl-images-fixed   edgt-pl-pag-no-pagination      edgt-pl-has-animation edgt-appear-from-bottom\"  data-type=masonry data-number-of-columns=4 data-space-between-items=tiny data-number-of-items=-1 data-image-proportions=full data-enable-fixed-proportions=yes data-enable-image-shadow=no data-selected-projects=19516, 19648, 19520, 19687 data-order-by=date data-order=ASC data-item-style=standard-overlay data-item-style-skin=light data-enable-title=yes data-title-tag=h4 data-title-text-transform=uppercase data-enable-category=yes data-enable-like=no data-enable-count-images=no data-enable-excerpt=no data-excerpt-length=20 data-pagination-type=no-pagination data-filter=no data-filter-order-by=name data-enable-article-animation=appear-from-bottom data-enable-article-parallax-animation=no data-portfolio-slider-on=no data-enable-loop=yes data-enable-autoplay=yes data-slider-speed=5000 data-slider-speed-animation=600 data-enable-navigation=yes data-enable-pagination=yes data-max-num-pages=0 data-next-page=2>\n\t\t\n\t<div class=\"edgt-pl-inner clearfix\">\n\t\t<div class=\"edgt-pl-grid-sizer\"><\/div>\n\t\t<div class=\"edgt-pl-grid-gutter\"><\/div>\n\t\t\n<article class=\"edgt-pl-item edgt-pl-masonry-default post-19648 portfolio-item type-portfolio-item status-publish has-post-thumbnail hentry portfolio-category-comercial portfolio-tag-diseno-web\">\n\t<div class=\"edgt-pl-item-inner\" >\n\t\t<div class=\"edgt-pli-image\">\n\t\t\t<img loading=\"lazy\" decoding=\"async\" width=\"550\" height=\"547\" src=\"https:\/\/perecolom.art\/wp-content\/uploads\/2021\/05\/villascalador-550x547.jpg\" class=\"attachment-shade_edge_square size-shade_edge_square wp-post-image\" alt=\"\" srcset=\"https:\/\/perecolom.art\/wp-content\/uploads\/2021\/05\/villascalador-550x547.jpg 550w, https:\/\/perecolom.art\/wp-content\/uploads\/2021\/05\/villascalador-150x150.jpg 150w, https:\/\/perecolom.art\/wp-content\/uploads\/2021\/05\/villascalador-100x100.jpg 100w\" sizes=\"auto, (max-width: 550px) 100vw, 550px\" \/>\t\t<\/div>\n<div class=\"edgt-pli-text-holder\">\n\t<div class=\"edgt-pli-text-wrapper\">\n\t\t<div class=\"edgt-pli-text\">\n\t\t\t\t<h4 itemprop=\"name\" class=\"edgt-pli-title entry-title\" style=\"text-transform: uppercase\">\n\t\tDise\u00f1o web\t<\/h4>\n\n\t\t\t\t\t<div class=\"edgt-pli-category-holder\">\n\t\t\t\t\t\t\t<a itemprop=\"url\" class=\"edgt-pli-category\" href=\"https:\/\/perecolom.art\/es\/categoria-portfolio\/comercial\/\">\"COMERCIAL\"<\/a>\n\t\t\t\t\t<\/div>\n\t\n\t\t\t\n\t\t\t\t\t<\/div>\n\t<\/div>\n<\/div>\t\t\n\t\t<a itemprop=\"url\" class=\"edgt-pli-link edgt-block-drag-link\" href=\"https:\/\/perecolom.art\/es\/portfolio-item\/diseno-web\/\" target=\"_self\"><\/a>\n\t<\/div>\n<\/article>\n<article class=\"edgt-pl-item edgt-pl-masonry-default post-19520 portfolio-item type-portfolio-item status-publish has-post-thumbnail hentry portfolio-category-comercial portfolio-category-diseno-grafico portfolio-tag-diseno-grafico\">\n\t<div class=\"edgt-pl-item-inner\" >\n\t\t<div class=\"edgt-pli-image\">\n\t\t\t<img loading=\"lazy\" decoding=\"async\" width=\"550\" height=\"550\" src=\"https:\/\/perecolom.art\/wp-content\/uploads\/2021\/05\/dentalab-2-e1621013181906-550x550.jpg\" class=\"attachment-shade_edge_square size-shade_edge_square wp-post-image\" alt=\"\" srcset=\"https:\/\/perecolom.art\/wp-content\/uploads\/2021\/05\/dentalab-2-e1621013181906-550x550.jpg 550w, https:\/\/perecolom.art\/wp-content\/uploads\/2021\/05\/dentalab-2-e1621013181906-150x150.jpg 150w, https:\/\/perecolom.art\/wp-content\/uploads\/2021\/05\/dentalab-2-e1621013181906-300x300.jpg 300w, https:\/\/perecolom.art\/wp-content\/uploads\/2021\/05\/dentalab-2-e1621013181906-100x100.jpg 100w\" sizes=\"auto, (max-width: 550px) 100vw, 550px\" \/>\t\t<\/div>\n<div class=\"edgt-pli-text-holder\">\n\t<div class=\"edgt-pli-text-wrapper\">\n\t\t<div class=\"edgt-pli-text\">\n\t\t\t\t<h4 itemprop=\"name\" class=\"edgt-pli-title entry-title\" style=\"text-transform: uppercase\">\n\t\tDise\u00f1o gr\u00e1fico\t<\/h4>\n\n\t\t\t\t\t<div class=\"edgt-pli-category-holder\">\n\t\t\t\t\t\t\t<a itemprop=\"url\" class=\"edgt-pli-category\" href=\"https:\/\/perecolom.art\/es\/categoria-portfolio\/comercial\/\">\"COMERCIAL\"<\/a>\n\t\t\t\t\t\t\t<a itemprop=\"url\" class=\"edgt-pli-category\" href=\"https:\/\/perecolom.art\/es\/categoria-portfolio\/diseno-grafico\/\">\"Dise\u00f1o gr\u00e1fico\"<\/a>\n\t\t\t\t\t<\/div>\n\t\n\t\t\t\n\t\t\t\t\t<\/div>\n\t<\/div>\n<\/div>\t\t\n\t\t<a itemprop=\"url\" class=\"edgt-pli-link edgt-block-drag-link\" href=\"https:\/\/perecolom.art\/es\/portfolio-item\/diseno-grafico\/\" target=\"_self\"><\/a>\n\t<\/div>\n<\/article>\n<article class=\"edgt-pl-item edgt-pl-masonry-default post-19516 portfolio-item type-portfolio-item status-publish has-post-thumbnail hentry portfolio-category-comercial portfolio-category-hoteles\">\n\t<div class=\"edgt-pl-item-inner\" >\n\t\t<div class=\"edgt-pli-image\">\n\t\t\t<img loading=\"lazy\" decoding=\"async\" width=\"550\" height=\"550\" src=\"https:\/\/perecolom.art\/wp-content\/uploads\/2021\/05\/ho-2845-550x550.jpg\" class=\"attachment-shade_edge_square size-shade_edge_square wp-post-image\" alt=\"\" srcset=\"https:\/\/perecolom.art\/wp-content\/uploads\/2021\/05\/ho-2845-550x550.jpg 550w, https:\/\/perecolom.art\/wp-content\/uploads\/2021\/05\/ho-2845-150x150.jpg 150w, https:\/\/perecolom.art\/wp-content\/uploads\/2021\/05\/ho-2845-300x300.jpg 300w, https:\/\/perecolom.art\/wp-content\/uploads\/2021\/05\/ho-2845-100x100.jpg 100w\" sizes=\"auto, (max-width: 550px) 100vw, 550px\" \/>\t\t<\/div>\n<div class=\"edgt-pli-text-holder\">\n\t<div class=\"edgt-pli-text-wrapper\">\n\t\t<div class=\"edgt-pli-text\">\n\t\t\t\t<h4 itemprop=\"name\" class=\"edgt-pli-title entry-title\" style=\"text-transform: uppercase\">\n\t\tHoteles\t<\/h4>\n\n\t\t\t\t\t<div class=\"edgt-pli-category-holder\">\n\t\t\t\t\t\t\t<a itemprop=\"url\" class=\"edgt-pli-category\" href=\"https:\/\/perecolom.art\/es\/categoria-portfolio\/comercial\/\">\"COMERCIAL\"<\/a>\n\t\t\t\t\t\t\t<a itemprop=\"url\" class=\"edgt-pli-category\" href=\"https:\/\/perecolom.art\/es\/categoria-portfolio\/hoteles\/\">\"Hoteles\"<\/a>\n\t\t\t\t\t<\/div>\n\t\n\t\t\t\n\t\t\t\t\t<\/div>\n\t<\/div>\n<\/div>\t\t\n\t\t<a itemprop=\"url\" class=\"edgt-pli-link edgt-block-drag-link\" href=\"https:\/\/perecolom.art\/es\/portfolio-item\/hoteles\/\" target=\"_self\"><\/a>\n\t<\/div>\n<\/article>\n<article class=\"edgt-pl-item edgt-pl-masonry-default post-19687 portfolio-item type-portfolio-item status-publish has-post-thumbnail hentry portfolio-category-comercial portfolio-category-estudio\">\n\t<div class=\"edgt-pl-item-inner\" >\n\t\t<div class=\"edgt-pli-image\">\n\t\t\t<img loading=\"lazy\" decoding=\"async\" width=\"550\" height=\"550\" src=\"https:\/\/perecolom.art\/wp-content\/uploads\/2021\/04\/bilyfer-2017-1-550x550.jpg\" class=\"attachment-shade_edge_square size-shade_edge_square wp-post-image\" alt=\"\" srcset=\"https:\/\/perecolom.art\/wp-content\/uploads\/2021\/04\/bilyfer-2017-1-550x550.jpg 550w, https:\/\/perecolom.art\/wp-content\/uploads\/2021\/04\/bilyfer-2017-1-300x300.jpg 300w, https:\/\/perecolom.art\/wp-content\/uploads\/2021\/04\/bilyfer-2017-1-150x150.jpg 150w, https:\/\/perecolom.art\/wp-content\/uploads\/2021\/04\/bilyfer-2017-1-100x100.jpg 100w\" sizes=\"auto, (max-width: 550px) 100vw, 550px\" \/>\t\t<\/div>\n<div class=\"edgt-pli-text-holder\">\n\t<div class=\"edgt-pli-text-wrapper\">\n\t\t<div class=\"edgt-pli-text\">\n\t\t\t\t<h4 itemprop=\"name\" class=\"edgt-pli-title entry-title\" style=\"text-transform: uppercase\">\n\t\tEstudio\t<\/h4>\n\n\t\t\t\t\t<div class=\"edgt-pli-category-holder\">\n\t\t\t\t\t\t\t<a itemprop=\"url\" class=\"edgt-pli-category\" href=\"https:\/\/perecolom.art\/es\/categoria-portfolio\/comercial\/\">\"COMERCIAL\"<\/a>\n\t\t\t\t\t\t\t<a itemprop=\"url\" class=\"edgt-pli-category\" href=\"https:\/\/perecolom.art\/es\/categoria-portfolio\/estudio\/\">\"Estudio\"<\/a>\n\t\t\t\t\t<\/div>\n\t\n\t\t\t\n\t\t\t\t\t<\/div>\n\t<\/div>\n<\/div>\t\t\n\t\t<a itemprop=\"url\" class=\"edgt-pli-link edgt-block-drag-link\" href=\"https:\/\/perecolom.art\/es\/portfolio-item\/estudio\/\" target=\"_self\"><\/a>\n\t<\/div>\n<\/article>\t<\/div>\n\t\n\t<\/div>[\/vc_column][\/vc_row][vc_row row_content_width=&#8221;grid&#8221; content_text_aligment=&#8221;center&#8221; css=&#8221;.vc_custom_1497000871132{padding-top: 100px !important;}&#8221;][vc_column][vc_column_text]<\/p>\n<h6>fot\u00f3grafo residente en Mallorca<\/h6>\n<p>[\/vc_column_text][vc_empty_space height=&#8221;14px&#8221;][vc_column_text]<\/p>\n<h2>Trabajo y creatividad<\/h2>\n<p>[\/vc_column_text][vc_empty_space height=&#8221;20px&#8221;]<div class=\"edgt-elements-holder   edgt-one-column  edgt-responsive-mode-768 \" ><div class=\"edgt-eh-item   edgt-horizontal-alignment-center \"  data-item-class=\"edgt-eh-custom-5980\" data-1280-1600=\"0% 15%\" data-1024-1280=\"0% 12%\" data-768-1024=\"0% 14%\" data-680-768=\"0% 5%\" data-680=\"0% 5%\">\n\t<div class=\"edgt-eh-item-inner\">\n\t\t<div class=\"edgt-eh-item-content edgt-eh-custom-5980\" style=\"padding: 0% 19%\">\n\t\t\t<h2 class=\"edgt-custom-font-holder  edgt-cf-1027\" style=\"font-family: Times New Roman;font-size: 18px;line-height: 28px;font-style: italic;letter-spacing: -0.01em;text-transform: none;color: #707070\" data-item-class=\"edgt-cf-1027\">\n\tPere Colom ha fotografiado para marcas internacionales de moda y de productos, revistas nacionales e internacionales, hoteles de todo el mundo. Al mismo tiempo ha expuesto su obra personal en galer\u00edas de arte y museos.<\/h2>\t\t<\/div>\n\t<\/div>\n<\/div><\/div>[\/vc_column][\/vc_row][vc_row row_content_width=&#8221;grid&#8221; content_text_aligment=&#8221;center&#8221;][vc_column][vc_row_inner row_content_width=&#8221;grid&#8221; css=&#8221;.vc_custom_1497001235625{padding-top: 70px !important;padding-bottom: 90px !important;}&#8221;][vc_column_inner css=&#8221;.vc_custom_1495194368413{padding-right: 6% !important;padding-left: 6% !important;}&#8221; offset=&#8221;vc_col-lg-4 vc_col-md-12&#8243;]<div class=\"edgt-iwt clearfix  edgt-iwt-icon-top edgt-iwt-icon-small\">\n\t<div class=\"edgt-iwt-icon\">\n\t\t\t\t\t\t\t\t\t<img loading=\"lazy\" decoding=\"async\" width=\"50\" height=\"40\" src=\"https:\/\/perecolom.art\/wp-content\/uploads\/2017\/04\/icon-main-img-1-2.png\" class=\"attachment-full size-full\" alt=\"a\" \/>\t\t\t\t\t\t<\/div>\n\t<div class=\"edgt-iwt-content\" >\n\t\t\t\t\t<h4 class=\"edgt-iwt-title\" >\n\t\t\t\t\t\t\t\t<span class=\"edgt-iwt-title-text\">Fotograf\u00eda<\/span>\n\t\t\t\t\t\t\t<\/h4>\n\t\t\t\t\t\t\t<p class=\"edgt-iwt-text\" >Trabajos para marcas internacionales de moda, productos, revistas de todo tipo y hoteles de todo el mundo. Al mismo tiempo exhibiendo el trabajo art\u00edstico en galer\u00edas de arte y museos.<\/p>\n\t\t\t<\/div>\n<\/div>[vc_empty_space height=&#8221;30px&#8221;][\/vc_column_inner][vc_column_inner css=&#8221;.vc_custom_1495194374788{padding-right: 6% !important;padding-left: 6% !important;}&#8221; offset=&#8221;vc_col-lg-4 vc_col-md-12&#8243;]<div class=\"edgt-iwt clearfix  edgt-iwt-icon-top edgt-iwt-icon-small\">\n\t<div class=\"edgt-iwt-icon\">\n\t\t\t\t\t\t\t\t\t<img loading=\"lazy\" decoding=\"async\" width=\"50\" height=\"40\" src=\"https:\/\/perecolom.art\/wp-content\/uploads\/2017\/04\/icon-main-img-2-2.png\" class=\"attachment-full size-full\" alt=\"a\" \/>\t\t\t\t\t\t<\/div>\n\t<div class=\"edgt-iwt-content\" >\n\t\t\t\t\t<h4 class=\"edgt-iwt-title\" >\n\t\t\t\t\t\t\t\t<span class=\"edgt-iwt-title-text\">DISE\u00d1O<\/span>\n\t\t\t\t\t\t\t<\/h4>\n\t\t\t\t\t\t\t<p class=\"edgt-iwt-text\" >Por petici\u00f3n de clientes especiales y como reto personal dise\u00f1ado cat\u00e1logos, carteles, logos, p\u00e1ginas web, incluso en cuatro casos toda la imagen corporativa.<\/p>\n\t\t\t<\/div>\n<\/div>[vc_empty_space height=&#8221;30px&#8221;][\/vc_column_inner][vc_column_inner css=&#8221;.vc_custom_1495194382433{padding-right: 6% !important;padding-left: 6% !important;}&#8221; offset=&#8221;vc_col-lg-4 vc_col-md-12&#8243;]<div class=\"edgt-iwt clearfix  edgt-iwt-icon-top edgt-iwt-icon-small\">\n\t<div class=\"edgt-iwt-icon\">\n\t\t\t\t\t<a itemprop=\"url\" href=\"https:\/\/perecolom.art\/es\/categoria-producto\/libros\/\" target=\"_self\">\n\t\t\t\t\t\t\t\t\t<img loading=\"lazy\" decoding=\"async\" width=\"50\" height=\"40\" src=\"https:\/\/perecolom.art\/wp-content\/uploads\/2017\/04\/icon-main-img-3-2.png\" class=\"attachment-full size-full\" alt=\"a\" \/>\t\t\t\t\t\t\t\t<\/a>\n\t\t\t<\/div>\n\t<div class=\"edgt-iwt-content\" >\n\t\t\t\t\t<h4 class=\"edgt-iwt-title\" >\n\t\t\t\t\t\t\t\t\t<a itemprop=\"url\" href=\"https:\/\/perecolom.art\/es\/categoria-producto\/libros\/\" target=\"_self\">\n\t\t\t\t\t\t\t\t<span class=\"edgt-iwt-title-text\">Libros<\/span>\n\t\t\t\t\t\t\t\t\t<\/a>\n\t\t\t\t\t\t\t<\/h4>\n\t\t\t\t\t\t\t<p class=\"edgt-iwt-text\" >Cuatro libros publicados: El silenci del temps (1996)_ I love Mallorca because\u2026 (2005)_ Diosas de cuerpo y alma (2022)_ Dei\u00e0 Vu Portraits (2024) <\/p>\n\t\t\t<\/div>\n<\/div>[vc_empty_space height=&#8221;30px&#8221;][\/vc_column_inner][\/vc_row_inner][\/vc_column][\/vc_row]<\/p>\n<\/div>","protected":false},"excerpt":{"rendered":"<p>[vc_row][vc_column][rev_slider_vc alias=&#8221;portrait-slider&#8221; enable_paspartu=&#8221;no&#8221;][\/vc_column][\/vc_row][vc_row row_content_width=&#8221;grid&#8221; content_text_aligment=&#8221;center&#8221; css=&#8221;.vc_custom_1497000634193{padding-top: 110px !important;}&#8221;][vc_column][vc_column_text css_animation=&#8221;fadeIn&#8221;] Trabajo personal [reciente] [\/vc_column_text][\/vc_column][\/vc_row][vc_row row_content_width=&#8221;grid&#8221; content_text_aligment=&#8221;center&#8221; css=&#8221;.vc_custom_1497001158313{padding-top: 75px !important;}&#8221;][vc_column][\/vc_column][\/vc_row][vc_row row_content_width=&#8221;grid&#8221; content_text_aligment=&#8221;center&#8221; css=&#8221;.vc_custom_1497000634193{padding-top: 110px !important;}&#8221;][vc_column][vc_column_text css_animation=&#8221;fadeIn&#8221;] Trabajo personal [anterior] [\/vc_column_text][\/vc_column][\/vc_row][vc_row row_content_width=&#8221;grid&#8221; content_text_aligment=&#8221;center&#8221; css=&#8221;.vc_custom_1497000634193{padding-top: 110px !important;}&#8221;][vc_column][vc_column_text] ENCARGOS COMERCIALES [\/vc_column_text][\/vc_column][\/vc_row][vc_row row_content_width=&#8221;grid&#8221; content_text_aligment=&#8221;center&#8221; css=&#8221;.vc_custom_1497000871132{padding-top: 100px [&hellip;]<\/p>\n","protected":false},"author":1,"featured_media":0,"parent":0,"menu_order":0,"comment_status":"closed","ping_status":"closed","template":"full-width.php","meta":{"footnotes":""},"class_list":["post-19354","page","type-page","status-publish","hentry"],"aioseo_notices":[],"_links":{"self":[{"href":"https:\/\/perecolom.art\/es\/wp-json\/wp\/v2\/pages\/19354","targetHints":{"allow":["GET"]}}],"collection":[{"href":"https:\/\/perecolom.art\/es\/wp-json\/wp\/v2\/pages"}],"about":[{"href":"https:\/\/perecolom.art\/es\/wp-json\/wp\/v2\/types\/page"}],"author":[{"embeddable":true,"href":"https:\/\/perecolom.art\/es\/wp-json\/wp\/v2\/users\/1"}],"replies":[{"embeddable":true,"href":"https:\/\/perecolom.art\/es\/wp-json\/wp\/v2\/comments?post=19354"}],"version-history":[{"count":2,"href":"https:\/\/perecolom.art\/es\/wp-json\/wp\/v2\/pages\/19354\/revisions"}],"predecessor-version":[{"id":20364,"href":"https:\/\/perecolom.art\/es\/wp-json\/wp\/v2\/pages\/19354\/revisions\/20364"}],"wp:attachment":[{"href":"https:\/\/perecolom.art\/es\/wp-json\/wp\/v2\/media?parent=19354"}],"curies":[{"name":"wp","href":"https:\/\/api.w.org\/{rel}","templated":true}]}}